{"id":1339,"date":"2021-02-18T21:25:41","date_gmt":"2021-02-18T21:25:41","guid":{"rendered":"http:\/\/blum-jessen.de\/?page_id=1339"},"modified":"2021-03-02T14:36:54","modified_gmt":"2021-03-02T14:36:54","slug":"impressum","status":"publish","type":"page","link":"https:\/\/blum-jessen.de\/?page_id=1339","title":{"rendered":"Impressum"},"content":{"rendered":"<p>[vc_row][vc_column][vc_column_text]<\/p>\r\n<div data-colibri-id=\"1339-c1\" class=\"style-505 style-local-1339-c1 position-relative\">\r\n  <!----><\/p>\r\n<div data-colibri-component=\"section\" data-colibri-id=\"1339-c2\" id=\"initial-content\" class=\"h-section h-section-global-spacing d-flex align-items-lg-center align-items-md-center align-items-center style-506 style-local-1339-c2 position-relative\">\r\n    <!----><br \/>\r\n<!----><\/p>\r\n<div class=\"h-section-grid-container h-section-boxed-container\">\r\n      <!----><\/p>\r\n<div data-colibri-id=\"1339-c7\" class=\"h-row-container gutters-row-lg-2 gutters-row-md-2 gutters-row-0 gutters-row-v-lg-2 gutters-row-v-md-2 gutters-row-v-2 style-516 style-local-1339-c7 position-relative\">\r\n        <!----><\/p>\r\n<div class=\"h-row justify-content-lg-center justify-content-md-center justify-content-center align-items-lg-stretch align-items-md-stretch align-items-stretch gutters-col-lg-2 gutters-col-md-2 gutters-col-0 gutters-col-v-lg-2 gutters-col-v-md-2 gutters-col-v-2\">\r\n          <!----><\/p>\r\n<div class=\"h-column h-column-container d-flex h-col-lg-auto h-col-md-auto h-col-auto style-517-outer style-local-1339-c8-outer\">\r\n<div data-colibri-id=\"1339-c8\" class=\"d-flex h-flex-basis h-column__inner h-px-lg-2 h-px-md-2 h-px-2 v-inner-lg-2 v-inner-md-2 v-inner-2 style-517 style-local-1339-c8 position-relative\">\r\n              <!----><br \/>\r\n<!----><\/p>\r\n<div class=\"w-100 h-y-container h-column__content h-column__v-align flex-basis-100 align-self-lg-start align-self-md-start align-self-start\">\r\n                <!----><\/p>\r\n<div data-colibri-id=\"1339-c9\" class=\"d-block style-513 style-local-1339-c9 position-relative h-element\">\r\n                  <!----><\/p>\r\n<div class=\"h-image__frame-container-outer\">\r\n<div class=\"h-image__frame-container\">\r\n                      <!----><br \/>\r\n<!----><br \/>\r\n<img decoding=\"async\" src=\"http:\/\/blum-jessen.de\/wp-content\/uploads\/2018\/11\/Logo-Blum-300x120.png\" class=\"style-513-image style-local-1339-c9-image\"><\/p>\r\n<div class=\"h-image__frame h-hide-lg h-hide-md h-hide-sm style-513-frameImage style-local-1339-c9-frameImage\"><\/div>\r\n<\/div>\r\n<\/div>\r\n<\/div>\r\n<\/div>\r\n<\/div>\r\n<\/div>\r\n<\/div>\r\n<\/div>\r\n<div data-colibri-id=\"1339-c3\" class=\"h-row-container gutters-row-lg-2 gutters-row-md-2 gutters-row-0 gutters-row-v-lg-2 gutters-row-v-md-2 gutters-row-v-2 style-507 style-local-1339-c3 position-relative\">\r\n        <!----><\/p>\r\n<div class=\"h-row justify-content-lg-center justify-content-md-center justify-content-center align-items-lg-stretch align-items-md-stretch align-items-stretch gutters-col-lg-2 gutters-col-md-2 gutters-col-0 gutters-col-v-lg-2 gutters-col-v-md-2 gutters-col-v-2\">\r\n          <!----><\/p>\r\n<div class=\"h-column h-column-container d-flex h-col-lg-auto h-col-md-auto h-col-auto style-508-outer style-local-1339-c4-outer\">\r\n<div data-colibri-id=\"1339-c4\" class=\"d-flex h-flex-basis h-column__inner h-px-lg-2 h-px-md-2 h-px-2 v-inner-lg-2 v-inner-md-2 v-inner-2 style-508 style-local-1339-c4 position-relative\">\r\n              <!----><br \/>\r\n<!----><\/p>\r\n<div class=\"w-100 h-y-container h-column__content h-column__v-align flex-basis-100 align-self-lg-start align-self-md-start align-self-start\">\r\n                <!----><\/p>\r\n<div data-colibri-id=\"1339-c5\" class=\"style-509 style-local-1339-c5 position-relative h-element\">\r\n                  <!----><\/p>\r\n<div>\r\n                    <\/p>\r\n<h3 class=\"wp-block-heading\"><strong>IMPRESSUM &amp; DATENSCHUTZ<\/strong><\/h3>\r\n<p><\/p>\r\n<p>Firma Blum<br \/>\r\nInhaber Jens Lehmann<br \/>\r\nBergweg 1<br \/>\r\n06917 Jessen<\/p>\r\n<p><\/p>\r\n<p>TEL 03537 \/ 214602<br \/>\r\nFAX 03537 \/ 214603<br \/>\r\nE-Mail info@blum-jessen.de<\/p>\r\n<p><\/p>\r\n<p>Vertretungsberechtigter: Jens Lehmann<\/p>\r\n<p><\/p>\r\n<p>Inhaltlich Verantwortlicher gem\u00e4\u00df \u00a7 55 Abs. 2 RStV:<br \/>\r\nJens Lehmann<\/p>\r\n<p><\/p>\r\n<p>Finanzamt Wittenberg 115\/244\/03422<br \/>\r\nUSt-IdNr.: DE 310 601 144<\/p>\r\n<p><\/p>\r\n<p><\/p>\r\n<h4 class=\"wp-block-heading\">HAFTUNGSAUSSCHLUSS<\/h4>\r\n<p><\/p>\r\n<p><strong>Haftung f\u00fcr Inhalte<\/strong><br \/>\r\nAls Diensteanbieter sind wir gem\u00e4\u00df \u00a7 7 Abs.1 TMG f\u00fcr eigene Inhalte auf diesen Seiten&nbsp;nach den allgemeinen Gesetzen verantwortlich. Nach \u00a7\u00a7 8 bis 10 TMG sind wir als Diensteanbieter jedoch nicht verpflichtet, \u00fcbermittelte oder<br \/>\r\ngespeicherte fremde Informationen&nbsp;zu \u00fcberwachen oder nach Umst\u00e4nden zu forschen, die auf eine rechtswidrige T\u00e4tigkeit hinweisen. Verpflichtungen zur Entfernung oder Sperrung der Nutzung von Informationen&nbsp;nach den allgemeinen<br \/>\r\nGesetzen bleiben hiervon unber\u00fchrt. Eine diesbez\u00fcgliche Haftung&nbsp;ist jedoch erst ab dem Zeitpunkt der Kenntnis einer konkreten Rechtsverletzung m\u00f6glich.&nbsp;Bei Bekanntwerden von entsprechenden Rechtsverletzungen werden wir<br \/>\r\ndiese Inhalte umgehend entfernen.<\/p>\r\n<p><\/p>\r\n<p><strong>Haftung f\u00fcr Links<\/strong><br \/>\r\nUnser Angebot enth\u00e4lt Links zu externen Webseiten Dritter, auf deren Inhalte wir keinen Einfluss haben. Deshalb k\u00f6nnen wir f\u00fcr diese fremden Inhalte auch keine Gew\u00e4hr \u00fcbernehmen. F\u00fcr die Inhalte der verlinkten Seiten ist stets der<br \/>\r\njeweilige Anbieter oder Betreiber der Seiten verantwortlich. Die verlinkten Seiten wurden zum Zeitpunkt der Verlinkung auf m\u00f6gliche Rechtsverst\u00f6\u00dfe \u00fcberpr\u00fcft. Rechtswidrige Inhalte waren zum Zeitpunkt der Verlinkung nicht erkennbar.<br \/>\r\nEine permanente inhaltliche Kontrolle der verlinkten Seiten ist jedoch ohne konkrete Anhaltspunkte einer Rechtsverletzung nicht zumutbar. Bei Bekanntwerden von Rechtsverletzungen werden wir derartige Links umgehend entfernen.<\/p>\r\n<p><\/p>\r\n<p><strong>Urheberrecht<\/strong><br \/>\r\nDie durch die Seitenbetreiber erstellten Inhalte und Werke auf diesen Seiten unterliegen dem deutschen Urheberrecht. Die Vervielf\u00e4ltigung, Bearbeitung, Verbreitung und jede Art der Verwertung au\u00dferhalb der Grenzen des Urheberrechtes<br \/>\r\nbed\u00fcrfen der schriftlichen Zustimmung des jeweiligen Autors bzw. Erstellers. Downloads und Kopien dieser Seite sind nur f\u00fcr den privaten, nicht kommerziellen Gebrauch gestattet. Soweit die Inhalte auf dieser Seite nicht vom Betreiber<br \/>\r\nerstellt wurden, werden die Urheberrechte Dritter beachtet. Insbesondere werden Inhalte Dritter als solche gekennzeichnet. Sollten Sie trotzdem auf eine Urheberrechtsverletzung aufmerksam werden, bitten wir um einen entsprechenden<br \/>\r\nHinweis. Bei Bekanntwerden von Rechtsverletzungen werden wir derartige Inhalte umgehend entfernen.<\/p>\r\n<p><\/p>\r\n<p><\/p>\r\n<h4 class=\"wp-block-heading\">DATENSCHUTZERKL\u00c4RUNG<\/h4>\r\n<p><\/p>\r\n<p>Die nachfolgende Datenschutzerkl\u00e4rung gilt f\u00fcr die Nutzung unseres Online-Angebots www.helsthrone.de (nachfolgend \u201eWebsite\u201c genannt).Wir messen dem Datenschutz gro\u00dfe Bedeutung bei. Die Erhebung und Verarbeitung Ihrer personenbezogenen<br \/>\r\nDaten geschieht unter Beachtung der geltenden datenschutzrechtlichen Vorschriften, insbesondere der Datenschutzgrundverordnung (DSGVO).<\/p>\r\n<p><\/p>\r\n<p><strong>1 Verantwortlicher<\/strong><br \/>\r\nVerantwortlicher f\u00fcr die Erhebung, Verarbeitung und Nutzung Ihrer personenbezogenen Daten im Sinne von Art. 4 Nr. 7 DSGVO ist Ren\u00e9 Schulze | Pfirsichweg 12 | 06917 Jessen | Helsthrone. Sofern Sie der Erhebung, Verarbeitung oder Nutzung<br \/>\r\nIhrer Daten durch uns nach Ma\u00dfgabe dieser Datenschutzbestimmungen insgesamt oder f\u00fcr einzelne Ma\u00dfnahmen widersprechen wollen, k\u00f6nnen Sie Ihren Widerspruch an den Verantwortlichen richten. Sie k\u00f6nnen diese Datenschutzerkl\u00e4rung jederzeit<br \/>\r\nspeichern und ausdrucken.<\/p>\r\n<p><\/p>\r\n<p><strong>2 Allgemeine Zwecke der Verarbeitung<\/strong><br \/>\r\nWir verwenden personenbezogene Daten (nach Ihren Angaben) zum Zweck der Bearbeitung ihrer Anfrage sowie f\u00fcr den Fall, dass Anschlussfragen entstehen.<\/p>\r\n<p><\/p>\r\n<p><strong>3 Welche Daten wir verwenden und warum<\/strong><br \/>\r\n<strong>3.1 Hosting<\/strong><br \/>\r\nDie von uns in Anspruch genommenen Hosting-Leistungen dienen der Zurverf\u00fcgungstellung der folgenden Leistungen: Infrastruktur- und Plattformdienstleistungen, Rechenkapazit\u00e4t, Speicherplatz und Datenbankdienste, Sicherheitsleistungen<br \/>\r\nsowie technische Wartungsleistungen, die wir zum Zweck des Betriebs der Website einsetzen. Hierbei verarbeiten wir, bzw. unser Hostinganbieter Bestandsdaten, Kontaktdaten, Inhaltsdaten, Vertragsdaten, Nutzungsdaten, Meta- und Kommunikationsdaten<br \/>\r\nvon Kunden, Interessenten und Besuchern dieser Website auf Grundlage unserer berechtigten Interessen an einer effizienten und sicheren Zurverf\u00fcgungstellung unsererWebsitegem. Art. 6 Abs. 1 S. 1 f) DSGVO i.V.m. Art. 28 DSGVO.<\/p>\r\n<p><\/p>\r\n<p><strong>3.2 Zugriffsdaten<\/strong><br \/>\r\nWir sammeln Informationen \u00fcber Sie, wenn Sie diese Website nutzen. Wir erfassen automatisch Informationen \u00fcber Ihr Nutzungsverhalten und Ihre Interaktion mit uns und registrieren Daten zu Ihrem Computer oder Mobilger\u00e4t. Wir erheben,<br \/>\r\nspeichern und nutzen Daten \u00fcber jeden Zugriff auf unsereWebsite(sogenannte Serverlogfiles). Zu den Zugriffsdaten geh\u00f6ren:<\/p>\r\n<p><\/p>\r\n<p><\/p>\r\n<ul>\r\n<li>\u2013 Name und URL der abgerufenen Datei<\/li>\r\n<li>\u2013 Datum und Uhrzeit des Abrufs<\/li>\r\n<li>\u2013 \u00fcbertragene Datenmenge<\/li>\r\n<li>\u2013 Meldung \u00fcber erfolgreichen Abruf (HTTP response code)<\/li>\r\n<li>\u2013 Browsertyp und Browserversion<\/li>\r\n<li>\u2013 Betriebssystem<\/li>\r\n<li>\u2013 Referer URL (d.h. die zuvor besuchte Seite)<\/li>\r\n<li>\u2013 Websites, die vom System des Nutzers \u00fcber unsere Website aufgerufen werden<\/li>\r\n<li>\u2013 Internet-Service-Provider des Nutzers<\/li>\r\n<li>\u2013 IP-Adresse und der anfragende Provider<\/li>\r\n<\/ul>\r\n<p><\/p>\r\n<p>Wir nutzen diese Protokolldaten ohne Zuordnung zu Ihrer Person oder sonstiger Profilerstellung f\u00fcr statistische Auswertungen zum Zweck des Betriebs, der Sicherheit und der Optimierung unserer Website, aber auch zur anonymen Erfassung<br \/>\r\nder Anzahl der Besucher auf unserer Website (traffic) sowie zum Umfang und zur Art der Nutzung unserer Website und Dienste, ebenso zu Abrechnungszwecken, um die Anzahl der von Kooperationspartnern erhaltenen Clicks zu messen. Aufgrund<br \/>\r\ndieser Informationen k\u00f6nnen wir personalisierte und standortbezogene Inhalte zur Verf\u00fcgung stellen und den Datenverkehr analysieren, Fehler suchen und beheben und unsere Dienste verbessern. Hierin liegt auch unser berechtigtes Interesse<br \/>\r\ngem\u00e4\u00df Art 6 Abs. 1 S. 1f) DSGVO. Wir behalten uns vor, die Protokolldaten nachtr\u00e4glich zu \u00fcberpr\u00fcfen, wenn aufgrund konkreter Anhaltspunkte der berechtigte Verdacht einer rechtswidrigen Nutzung besteht. IP-Adressen speichern wir<br \/>\r\nf\u00fcr einen begrenzten Zeitraum in den Logfiles, wenn dies f\u00fcr Sicherheitszwecke erforderlich oder f\u00fcr die Leistungserbringung oder die Abrechnung einer Leistung n\u00f6tig ist, z. B. wenn Sie eines unserer Angebote nutzen. Nach Abbruch<br \/>\r\ndes Vorgangs der Bestellung oder nach Zahlungseingang l\u00f6schen wir die IP-Adresse, wenn diese f\u00fcr Sicherheitszwecke nicht mehr erforderlich ist. IP-Adressen speichern wir auch dann, wenn wir den konkreten Verdacht einer Straftat im<br \/>\r\nZusammenhang mit der Nutzung unserer Website haben. Au\u00dferdem speichern wir als Teil Ihres Accounts das Datum Ihres letzten Besuchs (z.B. bei Registrierung, Login, Klicken von Links etc.).<\/p>\r\n<p><\/p>\r\n<p><strong>3.3 Cookies<\/strong><br \/>\r\nWir verwenden sogenannte Session-Cookies, um unsereWebsite zu optimieren. Ein Session-Cookie ist eine kleine Textdatei, die von den jeweiligen Servern beim Besuch einer Internetseite verschickt und auf Ihrer Festplatte zwischengespeichert<br \/>\r\nwird. Diese Datei als solche enth\u00e4lt eine sogenannte Session-ID, mit welcher sich verschiedene Anfragen Ihres Browsers der gemeinsamen Sitzung zuordnen lassen. Dadurch kann Ihr Rechner wiedererkannt werden, wenn Sie auf unsere Website<br \/>\r\nzur\u00fcckkehren. Diese Cookies werden gel\u00f6scht, nachdem Sie Ihren Browser schlie\u00dfen. Sie dienen z. B. dazu, dass Sie die Warenkorbfunktion \u00fcber mehrere Seiten hinweg nutzen k\u00f6nnen. Wir verwenden in geringem Umfang auch persistente Cookies<br \/>\r\n(ebenfalls kleine Textdateien, die auf Ihrem Endger\u00e4t abgelegt werden), die auf Ihrem Endger\u00e4t verbleiben und es uns erm\u00f6glichen, Ihren Browser beim n\u00e4chsten Besuch wiederzuerkennen. Diese Cookies werden auf Ihrer Festplatte gespeichert<br \/>\r\nund l\u00f6schen sich nach der vorgegebenen Zeit von allein. Ihre Lebensdauer betr\u00e4gt 1 Monat bis 10 Jahre. So k\u00f6nnen wir Ihnen unser Angebot nutzerfreundlicher, effektiver und sicherer pr\u00e4sentieren und Ihnen beispielsweise speziell auf<br \/>\r\nIhre Interessen abgestimmte Informationen auf der Seite anzeigen. Unser berechtigtes Interesse an der Nutzung der Cookies gem\u00e4\u00df Art 6 Abs. 1 S. 1f) DSGVO liegt darin, unsere Website nutzerfreundlicher, effektiver und sicherer zu<br \/>\r\nmachen. In den Cookies werden etwa folgende Daten und Informationen gespeichert:<\/p>\r\n<p><\/p>\r\n<p><\/p>\r\n<ul>\r\n<li>\u2013 Log-In-Informationen<\/li>\r\n<li>\u2013 Spracheinstellungen<\/li>\r\n<li>\u2013 eingegebene Suchbegriffe<\/li>\r\n<li>\u2013 Informationen \u00fcber die Anzahl der Aufrufe unserer Website sowie Nutzung einzelner Funktionen unseres Internetauftritts.<\/li>\r\n<\/ul>\r\n<p><\/p>\r\n<p>Bei Aktivierung des Cookies wird diesem eine Identifikationsnummer zugewiesen und eine Zuordnung Ihrer personenbezogenen Daten zu dieser Identifikationsnummer wird nicht vorgenommen. Ihr Name, Ihre IP-Adresse oder \u00e4hnliche Daten, die<br \/>\r\neine Zuordnung des Cookies zu Ihnen erm\u00f6glichen w\u00fcrden, werden nicht in den Cookie eingelegt. Auf Basis der Cookie-Technologie erhalten wir lediglich pseudonymisierte Informationen, beispielsweise dar\u00fcber, welche Seiten unseres Shops<br \/>\r\nbesucht wurden, welche Produkte angesehen wurden, etc. Sie k\u00f6nnen Ihren Browser so einstellen, dass Sie \u00fcber das Setzen von Cookies vorab informiert werden und im Einzelfall entscheiden k\u00f6nnen, ob Sie die Annahme von Cookies f\u00fcr<br \/>\r\nbestimmte F\u00e4lle oder generell ausschlie\u00dfen, oder dass Cookies komplett verhindert werden. Dadurch kann die Funktionalit\u00e4t der Website eingeschr\u00e4nkt werden.<\/p>\r\n<p><\/p>\r\n<p><strong>3.4 Daten zur Erf\u00fcllung unserer vertraglichen Pflichten<\/strong><br \/>\r\nWir verarbeiten personenbezogene Daten, die wir zur Erf\u00fcllung unserer&nbsp;vertraglichen Pflichten ben\u00f6tigen, etwa Name, Adresse, E-Mail-Adresse . Die Erhebung dieser Daten ist f\u00fcr den Vertragsschluss erforderlich.Die L\u00f6schung der<br \/>\r\nDaten erfolgt nach Ablauf der Gew\u00e4hrleistungsfristen und gesetzlicher Aufbewahrungsfristen. Daten, die mit einem Nutzerkonto verkn\u00fcpft sind (siehe unten), bleiben in jedem Fall f\u00fcr die Zeit der F\u00fchrung dieses Kontos erhalten.Die<br \/>\r\nRechtgrundlage f\u00fcr die Verarbeitung dieser Daten ist Art. 6 Abs. 1 S. 1 b) DSGVO, denn diese Daten werden ben\u00f6tigt, damit wir unsere vertraglichen Pflichten Ihnen gegen\u00fcber erf\u00fcllen k\u00f6nnen.<\/p>\r\n<p><\/p>\r\n<p><strong>3.5 Nutzerkonto<\/strong><br \/>\r\nAuf unserer Website gibt es keine Nutzerkonten.<\/p>\r\n<p><\/p>\r\n<p><strong>3.6 Newsletter<\/strong><br \/>\r\nAuf unserer Website gibt es keinen Newsletter.<\/p>\r\n<p><\/p>\r\n<p><strong>3.7 Produktempfehlungen<\/strong><br \/>\r\nWir versenden keine Produktempfehlungen.<\/p>\r\n<p><\/p>\r\n<p><strong>3.8 E-Mail Kontakt<\/strong><br \/>\r\nWenn Sie mit uns in Kontakt treten (z. B. per Kontaktformular oder E-Mail), verarbeiten wir Ihre Angaben zur Bearbeitung der Anfrage sowie f\u00fcr den Fall, dass Anschlussfragen entstehen. Erfolgt die Datenverarbeitung zur Durchf\u00fchrung<br \/>\r\nvorvertraglicher Ma\u00dfnahmen, die auf Ihre Anfrage hin erfolgen, bzw., wenn Sie bereits unser Kunde sind, zur Durchf\u00fchrung des Vertrages, ist Rechtsgrundlage f\u00fcr diese Datenverarbeitung Art. 6 Abs. 1 S. 1 b) DSGVO. Weitere personenbezogene<br \/>\r\nDaten verarbeiten wir nur, wenn Sie dazu einwilligen (Art. 6 Abs. 1 S. 1a) DSGVO) oder wir ein berechtigtes Interesse an der Verarbeitung Ihrer Daten haben (Art. 6 Abs. 1 S. 1f) DSGVO). Ein berechtigtes Interesse liegt z. B. darin,<br \/>\r\nauf Ihre E-Mail zu antworten.<\/p>\r\n<p><\/p>\r\n<p><strong>4 Google Analytics<\/strong><br \/>\r\nWir benutzen Google Analytics, einen Webanalysedienst der Google Inc. (\u201eGoogle\u201c). Google Analytics verwendet sog. \u201eCookies\u201c, Textdateien, die auf Ihrem Computer gespeichert werden und die eine Analyse der Benutzung der Website durch<br \/>\r\nSie erm\u00f6glichen. Die durch den Cookie erzeugten Informationen \u00fcber Benutzung dieser Website durch die Seitenbesucher werden in der Regel an einen Server von Google in den USA \u00fcbertragen und dort gespeichert. Hierin liegt auch unser<br \/>\r\nberechtigtes Interesse gem\u00e4\u00df Art 6 Abs. 1 S. 1 f) DSGVO. Google hat sich dem zwischen der Europ\u00e4ischen Union und den USA geschlossenen Privacy-Shield-Abkommen unterworfen und sich zertifiziert. Dadurch verpflichtet sich Google, die<br \/>\r\nStandards und Vorschriften des europ\u00e4ischen Datenschutzrechts einzuhalten. N\u00e4here Informationen k\u00f6nnen Sie dem nachfolgend verlinkten Eintrag entnehmen: https:\/\/www.privacyshield.gov\/participant?id=a2zt000000001L5AAI&amp;status=Active.<br \/>\r\nWir haben die IP-Anonymisierung auf dieser Website aktiviert (anonymizeIp). Dadurch wird Ihre IP-Adresse von Google jedoch innerhalb von Mitgliedstaaten der Europ\u00e4ischen Union oder in anderen Vertragsstaaten des Abkommens \u00fcber den<br \/>\r\nEurop\u00e4ischen Wirtschaftsraum zuvor gek\u00fcrzt. Nur in Ausnahmef\u00e4llen wird die volle IP-Adresse an einen Server von Google in den USA \u00fcbertragen und dort gek\u00fcrzt. In unserem Auftrag wird Google diese Informationen benutzen, um die Nutzung<br \/>\r\nder Website durch Sie auszuwerten, um Reports \u00fcber die Websiteaktivit\u00e4ten zusammenzustellen und um weitere mit der Websitenutzung und der Internetnutzung verbundene Dienstleistungen uns gegen\u00fcber zu erbringen. Die im Rahmen von Google<br \/>\r\nAnalytics von Ihrem Browser \u00fcbermittelte IP-Adresse wird nicht mit anderen Daten von Google zusammengef\u00fchrt. Sie k\u00f6nnen die Speicherung der Cookies durch eine entsprechende Einstellung Ihrer Browser-Software verhindern; wir weisen<br \/>\r\nSie jedoch darauf hin, dass Sie in diesem Fall gegebenenfalls nicht s\u00e4mtliche Funktionen dieser Website vollumf\u00e4nglich werden nutzen k\u00f6nnen. Sie k\u00f6nnen dar\u00fcber hinaus die \u00dcbertragung der durch das Cookie erzeugten und auf Ihre Nutzung<br \/>\r\nder Website bezogenen Daten (inkl. Ihrer IP-Adresse) an Google sowie die Verarbeitung dieser Daten durch Google verhindern, indem Sie das unter dem folgenden Link verf\u00fcgbare Browser-Plugin herunterladen und installieren:&nbsp;http:\/\/tools.google.com\/dlpage\/gaoptout?hl=de.<br \/>\r\nAlternativ zum Browser-Plugin oder innerhalb von Browsern auf mobilen Ger\u00e4ten k\u00f6nnen Sie auf den folgenden Link klicken, um ein Opt-Out-Cookie zu setzen, der die Erfassung durch Google Analytics innerhalb dieser Website zuk\u00fcnftig<br \/>\r\nverhindert (dieses Opt-Out-Cookie funktioniert nur in diesem Browser und nur f\u00fcr diese Domain. L\u00f6schen Sie die Cookies in Ihrem Browser, m\u00fcssen Sie diesen Link erneut klicken):&nbsp;[Google Analytics deaktivieren]<\/p>\r\n<p><\/p>\r\n<p><strong>5 Speicherdauer<\/strong><br \/>\r\nSofern nicht spezifisch angegeben speichern wir personenbezogene Daten nur so lange, wie dies zur Erf\u00fcllung der verfolgten Zwecke notwendig ist. In einigen F\u00e4llen sieht der Gesetzgeber die Aufbewahrung von personenbezogenen Daten<br \/>\r\nvor, etwa im Steuer- oder Handelsrecht. In diesen F\u00e4llen werden die Daten von uns lediglich f\u00fcr diese gesetzlichen Zwecke weiter gespeichert, aber nicht anderweitig verarbeitet und nach Ablauf der gesetzlichen Aufbewahrungsfrist<br \/>\r\ngel\u00f6scht.<\/p>\r\n<p><\/p>\r\n<p><strong>6 Ihre Rechte als von der Datenverarbeitung Betroffener<\/strong><br \/>\r\nNach den anwendbaren Gesetzen haben Sie verschiedene Rechte bez\u00fcglich Ihrer personenbezogenen Daten. M\u00f6chten Sie diese Rechte geltend machen, so richten Sie Ihre Anfrage bitte per E-Mail oder per Post unter eindeutiger Identifizierung<br \/>\r\nIhrer Person an die in Ziffer 1 genannte Adresse. Nachfolgend finden Sie eine \u00dcbersicht \u00fcber Ihre Rechte.<\/p>\r\n<p><\/p>\r\n<p><strong>6.1 Recht auf Best\u00e4tigung und Auskunft<\/strong><br \/>\r\nSie haben das Recht auf eine \u00fcbersichtliche Auskunft \u00fcber die Verarbeitung Ihrer personenbezogenen Daten. Im Einzelnen: Sie haben jederzeit das Recht, von uns eine Best\u00e4tigung dar\u00fcber zu erhalten, ob Sie betreffende personenbezogene<br \/>\r\nDaten verarbeitet werden. Ist dies der Fall, so haben Sie das Recht, von uns eine unentgeltliche Auskunft \u00fcber die zu Ihnen gespeicherten personenbezogenen Daten nebst einer Kopie dieser Daten zu verlangen. Des Weiteren besteht ein<br \/>\r\nRecht auf folgende Informationen:<\/p>\r\n<p><\/p>\r\n<p><\/p>\r\n<ol>\r\n<li>die Verarbeitungszwecke;<\/li>\r\n<li>die Kategorien personenbezogener Daten, die verarbeitet werden;<\/li>\r\n<li>die Empf\u00e4nger oder Kategorien von Empf\u00e4ngern, gegen\u00fcber denen die personenbezogenen Daten offengelegt worden sind oder noch offengelegt werden, insbesondere bei Empf\u00e4ngern in Drittl\u00e4ndern oder bei internationalen Organisationen;<\/li>\r\n<li>falls m\u00f6glich, die geplante Dauer, f\u00fcr die die personenbezogenen Daten gespeichert werden, oder, falls dies nicht m\u00f6glich ist, die Kriterien f\u00fcr die Festlegung dieser Dauer;<\/li>\r\n<li>das Bestehen eines Rechts auf Berichtigung oder L\u00f6schung der Sie betreffenden personenbezogenen Daten oder auf Einschr\u00e4nkung der Verarbeitung durch den Verantwortlichen oder eines Widerspruchsrechts gegen diese Verarbeitung;<\/li>\r\n<li>das Bestehen eines Beschwerderechts bei einer Aufsichtsbeh\u00f6rde;<\/li>\r\n<li>wenn die personenbezogenen Daten nicht bei Ihnen erhoben werden, alle verf\u00fcgbaren Informationen \u00fcber die Herkunft der Daten;<\/li>\r\n<li>das Bestehen einer automatisierten Entscheidungsfindung einschlie\u00dflich Profiling gem\u00e4\u00df&nbsp;Art. 22Abs. 1 und 4 DSGVO und \u2013 zumindest in diesen F\u00e4llen \u2013 aussagekr\u00e4ftige Informationen \u00fcber die involvierte Logik sowie die Tragweite<br \/>\r\nund die angestrebten Auswirkungen einer derartigen Verarbeitung f\u00fcr Sie.<\/li>\r\n<\/ol>\r\n<p><\/p>\r\n<p>Werden personenbezogene Daten an ein Drittland oder an eine internationale Organisation \u00fcbermittelt, so haben Sie das Recht, \u00fcber die geeigneten Garantien gem\u00e4\u00df Art. 46 DSGVO im Zusammenhang mit der \u00dcbermittlung unterrichtet zu werden.<\/p>\r\n<p><\/p>\r\n<p><strong>6.2 Recht auf Berichtigung<\/strong><br \/>\r\nSie haben das Recht, von uns die Berichtigung und ggf. auch Vervollst\u00e4ndigung Sie betreffender personenbezogener Daten zu verlangen. Im Einzelnen: Sie haben das Recht, von uns unverz\u00fcglich die Berichtigung Sie betreffender unrichtiger<br \/>\r\npersonenbezogener Daten zu verlangen. Unter Ber\u00fccksichtigung der Zwecke der Verarbeitung haben Sie das Recht, die Vervollst\u00e4ndigung unvollst\u00e4ndiger personenbezogener Daten \u2013 auch mittels einer erg\u00e4nzenden Erkl\u00e4rung \u2013 zu verlangen.<\/p>\r\n<p><\/p>\r\n<p><strong>6.3 Recht auf L\u00f6schung (\u201eRecht auf Vergessenwerden\u201c)<\/strong><br \/>\r\nIn einer Reihe von F\u00e4llen sind wir verpflichtet, Sie betreffende personenbezogene Daten zu l\u00f6schen. Im Einzelnen: Sie habengem\u00e4\u00df Art. 17 Abs. 1 DSGVO das Recht, von uns zu verlangen, dass Sie betreffende personenbezogene Daten unverz\u00fcglich<br \/>\r\ngel\u00f6scht werden, und wir sind verpflichtet, personenbezogene Daten unverz\u00fcglich zu l\u00f6schen, sofern einer der folgenden Gr\u00fcnde zutrifft:<\/p>\r\n<p><\/p>\r\n<p><\/p>\r\n<ol>\r\n<li>Die personenbezogenen Daten sind f\u00fcr die Zwecke, f\u00fcr die sie erhoben oder auf sonstige Weise verarbeitet wurden, nicht mehr notwendig.<\/li>\r\n<li>Sie widerrufen Ihre Einwilligung, auf die sich die Verarbeitung gem\u00e4\u00df&nbsp;Art. 6Abs. 1 S. 1a) DSGVO oder&nbsp;Art. 9&nbsp;Abs. 2 a) DSGVO st\u00fctzte, und es fehlt an einer anderweitigen Rechtsgrundlage f\u00fcr die Verarbeitung.<\/li>\r\n<li>Sie legen gem\u00e4\u00df&nbsp;Art. 21 Abs. 1 DSGVO Widerspruch gegen die Verarbeitung ein und es liegen keine vorrangigen berechtigten Gr\u00fcnde f\u00fcr die Verarbeitung vor, oder Sie legen gem\u00e4\u00df&nbsp;Art. 21&nbsp;Abs. 2 DSGVO Widerspruch gegen<br \/>\r\ndie Verarbeitung ein.<\/li>\r\n<li>Die personenbezogenen Daten wurden unrechtm\u00e4\u00dfig verarbeitet.<\/li>\r\n<li>Die L\u00f6schung der personenbezogenen Daten ist zur Erf\u00fcllung einer rechtlichen Verpflichtung nach dem Unionsrecht oder dem Recht der Mitgliedstaaten erforderlich, dem wir unterliegen.<\/li>\r\n<li>Die personenbezogenen Daten wurden in Bezug auf angebotene Dienste der Informationsgesellschaft gem\u00e4\u00df&nbsp;Art. 8Abs. 1 DSGVO erhoben.<\/li>\r\n<\/ol>\r\n<p><\/p>\r\n<p>Haben wir die personenbezogenen Daten \u00f6ffentlich gemacht und sind wir gem\u00e4\u00df Art. 17 Abs. 1 DSGVO zu deren L\u00f6schung verpflichtet, so treffen wir unter Ber\u00fccksichtigung der verf\u00fcgbaren Technologie und der Implementierungskosten angemessene<br \/>\r\nMa\u00dfnahmen, auch technischer Art, um f\u00fcr die Datenverarbeitung Verantwortliche, die die personenbezogenen Daten verarbeiten, dar\u00fcber zu informieren, dass Sie von ihnen die L\u00f6schung aller Links zu diesen personenbezogenen Daten oder<br \/>\r\nvon Kopien oder Replikationen dieser personenbezogenen Daten verlangt haben.<\/p>\r\n<p><\/p>\r\n<p><strong>6.4 Recht auf Einschr\u00e4nkung der Verarbeitung<\/strong><br \/>\r\nIn einer Reihe von F\u00e4llen sind Sie berechtigt, von uns eine Einschr\u00e4nkung der Verarbeitung Ihrer personenbezogenen Daten zu verlangen. Im Einzelnen: Sie haben das Recht, von uns die Einschr\u00e4nkung der Verarbeitung zu verlangen, wenn<br \/>\r\neine der folgenden Voraussetzungen gegeben ist:<\/p>\r\n<p><\/p>\r\n<p><\/p>\r\n<ol>\r\n<li>die Richtigkeit der personenbezogenen Daten wird von Ihnen bestritten, und zwar f\u00fcr eine Dauer, die es uns erm\u00f6glicht, die Richtigkeit der personenbezogenen Daten zu \u00fcberpr\u00fcfen,<\/li>\r\n<li>die Verarbeitung unrechtm\u00e4\u00dfig ist und Sie die L\u00f6schung der personenbezogenen Daten ablehnten und stattdessen die Einschr\u00e4nkung der Nutzung der personenbezogenen Daten verlangt haben;<\/li>\r\n<li>wir die personenbezogenen Daten f\u00fcr die Zwecke der Verarbeitung nicht l\u00e4nger ben\u00f6tigen, Sie die Daten jedoch zur Geltendmachung, Aus\u00fcbung oder Verteidigung von Rechtsanspr\u00fcchen ben\u00f6tigen, oder<\/li>\r\n<li>Sie Widerspruch gegen die Verarbeitung gem\u00e4\u00df&nbsp;Art. 21Abs. 1 DSGVO eingelegt haben, solange noch nicht feststeht, ob die berechtigten Gr\u00fcnde unseres Unternehmens gegen\u00fcber den Ihren \u00fcberwiegen.<\/li>\r\n<\/ol>\r\n<p><\/p>\r\n<p><strong>6.5 Recht auf Daten\u00fcbertragbarkeit<\/strong><br \/>\r\nSie haben das Recht, Sie betreffende personenbezogene Daten maschinenlesbar zu erhalten, zu \u00fcbermitteln, oder von uns \u00fcbermitteln zu lassen. Im Einzelnen: Sie haben das Recht, die Sie betreffenden personenbezogenen Daten, die Sie<br \/>\r\nuns bereitgestellt haben, in einem strukturierten, g\u00e4ngigen und maschinenlesbaren Format zu erhalten, und Sie haben das Recht, diese Daten einem anderen Verantwortlichen ohne Behinderung durch uns zu \u00fcbermitteln, sofern<\/p>\r\n<p><\/p>\r\n<p><\/p>\r\n<ol>\r\n<li>die Verarbeitung auf einer Einwilligung gem\u00e4\u00df&nbsp;Art. 6Abs. 1 S. 1 a) DSGVO oder&nbsp;Art. 9&nbsp;Abs. 2 a) DSGVO oder auf einem Vertrag gem\u00e4\u00df&nbsp;Art. 6&nbsp;Abs. 1 S. 1 b) DSGVO beruht und<\/li>\r\n<li>die Verarbeitung mithilfe automatisierter Verfahren erfolgt.<\/li>\r\n<\/ol>\r\n<p><\/p>\r\n<p>Bei der Aus\u00fcbung Ihres Rechts auf Daten\u00fcbertragbarkeit gem\u00e4\u00df Absatz 1 haben Sie das Recht, zu erwirken, dass die personenbezogenen Daten direkt von uns einem anderen Verantwortlichen \u00fcbermittelt werden, soweit dies technisch machbar<br \/>\r\nist.<\/p>\r\n<p><\/p>\r\n<p><strong>6.6 Widerspruchsrecht<\/strong><br \/>\r\nSie haben das Recht, aus einer rechtm\u00e4\u00dfigen Verarbeitung Ihrer personenbezogenen Daten durch uns zu widersprechen, wenn sich dies aus Ihrer besonderen Situation begr\u00fcndet und unsere Interessen an der Verarbeitung nicht \u00fcberwiegen.<br \/>\r\nIm Einzelnen: Sie haben das Recht, aus Gr\u00fcnden, die sich aus Ihrer besonderen Situation ergeben, jederzeit gegen die Verarbeitung Sie betreffender personenbezogener Daten, die aufgrund von&nbsp;Art. 6&nbsp;Abs. 1 S. 1 e) oder f)<br \/>\r\nDSGVO erfolgt, Widerspruch einzulegen; dies gilt auch f\u00fcr ein auf diese Bestimmungen gest\u00fctztes Profiling. Wir verarbeiten die personenbezogenen Daten nicht mehr, es sei denn, wir k\u00f6nnen zwingende schutzw\u00fcrdige Gr\u00fcnde f\u00fcr die Verarbeitung<br \/>\r\nnachweisen, die Ihre Interessen, Rechte und Freiheiten \u00fcberwiegen, oder die Verarbeitung dient der Geltendmachung, Aus\u00fcbung oder Verteidigung von Rechtsanspr\u00fcchen. Werden personenbezogene Daten von uns verarbeitet, um Direktwerbung<br \/>\r\nzu betreiben, so haben Sie das Recht, jederzeit Widerspruch gegen die Verarbeitung Sie betreffender personenbezogener Daten zum Zwecke derartiger Werbung einzulegen; dies gilt auch f\u00fcr das Profiling, soweit es mit solcher Direktwerbung<br \/>\r\nin Verbindung steht. Sie haben das Recht, aus Gr\u00fcnden, die sich aus Ihrer besonderen Situation ergeben, gegen die Sie betreffende Verarbeitung Sie betreffender personenbezogener Daten, die zu wissenschaftlichen oder historischen<br \/>\r\nForschungszwecken oder zu statistischen Zwecken gem\u00e4\u00df&nbsp;Art. 89&nbsp;Abs. 1 DSGVO erfolgt, Widerspruch einzulegen, es sei denn, die Verarbeitung ist zur Erf\u00fcllung einer im \u00f6ffentlichen Interesse liegenden Aufgabe erforderlich.<\/p>\r\n<p><\/p>\r\n<p><strong>6.7 Automatisierte Entscheidungen einschlie\u00dflich Profiling<\/strong><br \/>\r\nSie haben das Recht, nicht einer ausschlie\u00dflich auf einer automatisierten Verarbeitung \u2013 einschlie\u00dflich Profiling \u2013 beruhenden Entscheidung unterworfen zu werden, die Ihnen gegen\u00fcber rechtliche Wirkung entfaltet oder Sie in \u00e4hnlicher<br \/>\r\nWeise erheblich beeintr\u00e4chtigt. Eine automatisierte Entscheidungsfindung auf der Grundlage der erhobenen personenbezogenen Daten findet nicht statt.<\/p>\r\n<p><\/p>\r\n<p><strong>6.8 Recht auf Widerruf einer datenschutzrechtlichen Einwilligung<\/strong><br \/>\r\nSie haben das Recht, eine Einwilligung zur Verarbeitung personenbezogener Daten jederzeit zu widerrufen.<\/p>\r\n<p><\/p>\r\n<p><strong>6.9 Recht auf Beschwerde bei einer Aufsichtsbeh\u00f6rde<\/strong><br \/>\r\nSie haben das Recht auf Beschwerde bei einer Aufsichtsbeh\u00f6rde, insbesondere in dem Mitgliedstaat Ihres Aufenthaltsorts, Ihres Arbeitsplatzes oder des Orts des mutma\u00dflichen Versto\u00dfes, wenn Sie der Ansicht sind, dass die Verarbeitung<br \/>\r\nder Sie betreffenden personenbezogenen Daten rechtswidrig ist.<\/p>\r\n<p><\/p>\r\n<p><strong>7 Datensicherheit<\/strong><br \/>\r\nWir sind um die Sicherheit Ihrer Daten im Rahmen der geltenden Datenschutzgesetze und technischen M\u00f6glichkeiten maximal bem\u00fcht. Ihre pers\u00f6nlichen Daten werden bei uns verschl\u00fcsselt \u00fcbertragen. Dies gilt f\u00fcr Ihre Bestellungen und<br \/>\r\nauch f\u00fcr das Kundenlogin. Wir nutzen das Codierungssystem SSL (Secure Socket Layer), weisen jedoch darauf hin, dass die Daten\u00fcbertragung im Internet (z.B. bei der Kommunikation per E-Mail) Sicherheitsl\u00fccken aufweisen kann. Ein l\u00fcckenloser<br \/>\r\nSchutz der Daten vor dem Zugriff durch Dritte ist nicht m\u00f6glich. Zur Sicherung Ihrer Daten unterhalten wir technische und organisatorische Sicherungsma\u00dfnahmen entsprechend Art. 32 DSGVO, die wir immer wieder dem Stand der Technik<br \/>\r\nanpassen. Wir gew\u00e4hrleisten au\u00dferdem nicht, dass unser Angebot zu bestimmten Zeiten zur Verf\u00fcgung steht; St\u00f6rungen, Unterbrechungen oder Ausf\u00e4lle k\u00f6nnen nicht ausgeschlossen werden. Die von uns verwendeten Server werden regelm\u00e4\u00dfig<br \/>\r\nsorgf\u00e4ltig gesichert.<\/p>\r\n<p><\/p>\r\n<p><strong>8 Weitergabe von Daten an Dritte, keine Daten\u00fcbertragung ins Nicht-EU-Ausland<\/strong><br \/>\r\nGrunds\u00e4tzlich verwenden wir Ihre personenbezogenen Daten nur innerhalb unseres Unternehmens.Wenn und soweit wir Dritte im Rahmen der Erf\u00fcllung von Vertr\u00e4gen einschalten (etwa Logistik-Dienstleister), erhalten diese personenbezogene<br \/>\r\nDaten nur in dem Umfang, in welchem die \u00dcbermittlung f\u00fcr die entsprechende Leistung erforderlich ist.F\u00fcr den Fall, dass wir bestimmte Teile der Datenverarbeitung auslagern (\u201eAuftragsverarbeitung\u201c), verpflichten wir Auftragsverarbeiter<br \/>\r\nvertraglich dazu, personenbezogene Daten nur im Einklang mit den Anforderungen der Datenschutzgesetze zu verwenden und den Schutz der Rechte der betroffenen Person zu gew\u00e4hrleisten.Eine Daten\u00fcbertragung an Stellen oder Personen au\u00dferhalb<br \/>\r\nder EU au\u00dferhalb des in dieser Erkl\u00e4rung in Ziffer 4 genannten Falls findet nicht statt und ist nicht geplant.<\/p>\r\n<p><\/p>\r\n<p><strong>9.Datenschutzbeauftragter<\/strong><br \/>\r\nSollten Sie noch Fragen oder Bedenken zum Datenschutz haben, so wenden Sie sich bitte an unseren Datenschutzbeauftragten: Jens Lehmann<\/p>\r\n<p><\/div>\r\n<\/div>\r\n<\/div>\r\n<\/div>\r\n<\/div>\r\n<div class=\"h-column h-column-container d-flex h-col-lg-auto h-col-md-auto h-col-auto style-510-outer style-local-1339-c6-outer\">\r\n<div data-colibri-id=\"1339-c6\" class=\"d-flex h-flex-basis h-column__inner h-ui-empty-state-container h-px-lg-2 h-px-md-2 h-px-2 v-inner-lg-2 v-inner-md-2 v-inner-2 style-510 style-local-1339-c6 position-relative\">\r\n              <!----><br \/>\r\n<!----><\/p>\r\n<div class=\"w-100 h-y-container h-column__content h-column__v-align flex-basis-100\">\r\n                <!----><\/div>\r\n<\/div>\r\n<\/div>\r\n<\/div>\r\n<\/div>\r\n<\/div>\r\n<\/div>\r\n<\/div>\r\n<p>[\/vc_column_text][\/vc_column][\/vc_row]<\/p>\r\n","protected":false},"excerpt":{"rendered":"<p>[vc_row][vc_column][vc_column_text] IMPRESSUM &amp; DATENSCHUTZ Firma Blum Inhaber Jens Lehmann Bergweg 1 06917 Jessen TEL 03537 \/ 214602 FAX 03537 \/ 214603 E-Mail info@blum-jessen.de Vertretungsberechtigter: Jens Lehmann Inhaltlich Verantwortlicher gem\u00e4\u00df \u00a7 55 Abs. 2 RStV: Jens Lehmann Finanzamt Wittenberg 115\/244\/03422 USt-IdNr.: DE 310 601 144 HAFTUNGSAUSSCHLUSS Haftung f\u00fcr Inhalte Als Diensteanbieter sind wir gem\u00e4\u00df \u00a7 7 [&hellip;]<\/p>\n","protected":false},"author":1,"featured_media":0,"parent":0,"menu_order":0,"comment_status":"closed","ping_status":"closed","template":"page-templates\/full-width-page.php","meta":{"_seopress_robots_primary_cat":"","footnotes":""},"_links":{"self":[{"href":"https:\/\/blum-jessen.de\/index.php?rest_route=\/wp\/v2\/pages\/1339"}],"collection":[{"href":"https:\/\/blum-jessen.de\/index.php?rest_route=\/wp\/v2\/pages"}],"about":[{"href":"https:\/\/blum-jessen.de\/index.php?rest_route=\/wp\/v2\/types\/page"}],"author":[{"embeddable":true,"href":"https:\/\/blum-jessen.de\/index.php?rest_route=\/wp\/v2\/users\/1"}],"replies":[{"embeddable":true,"href":"https:\/\/blum-jessen.de\/index.php?rest_route=%2Fwp%2Fv2%2Fcomments&post=1339"}],"version-history":[{"count":13,"href":"https:\/\/blum-jessen.de\/index.php?rest_route=\/wp\/v2\/pages\/1339\/revisions"}],"predecessor-version":[{"id":2330,"href":"https:\/\/blum-jessen.de\/index.php?rest_route=\/wp\/v2\/pages\/1339\/revisions\/2330"}],"wp:attachment":[{"href":"https:\/\/blum-jessen.de\/index.php?rest_route=%2Fwp%2Fv2%2Fmedia&parent=1339"}],"curies":[{"name":"wp","href":"https:\/\/api.w.org\/{rel}","templated":true}]}}